{"id":6,"date":"2017-09-01T09:25:18","date_gmt":"2017-09-01T09:25:18","guid":{"rendered":"http:\/\/stiftung-literatur.de\/?page_id=6"},"modified":"2024-07-02T09:18:49","modified_gmt":"2024-07-02T09:18:49","slug":"stiftung","status":"publish","type":"page","link":"http:\/\/stiftung-literatur.de\/?page_id=6","title":{"rendered":"\u00dcber uns"},"content":{"rendered":"<p><div class=\"fusion-fullwidth fullwidth-box fusion-builder-row-1 nonhundred-percent-fullwidth non-hundred-percent-height-scrolling\" style=\"background-color: rgba(255,255,255,0);background-position: center center;background-repeat: no-repeat;padding-top:0px;padding-right:0px;padding-bottom:0px;padding-left:0px;margin-bottom: 0px;margin-top: 0px;border-width: 0px 0px 0px 0px;border-color:#eae9e9;border-style:solid;\" ><div class=\"fusion-builder-row fusion-row\"><div class=\"fusion-layout-column fusion_builder_column fusion-builder-column-0 fusion_builder_column_1_1 1_1 fusion-one-full fusion-column-first fusion-column-last\" style=\"margin-top:0px;margin-bottom:20px;\"><div class=\"fusion-column-wrapper fusion-flex-column-wrapper-legacy\" style=\"background-position:left top;background-repeat:no-repeat;-webkit-background-size:cover;-moz-background-size:cover;-o-background-size:cover;background-size:cover;padding: 0px 0px 0px 0px;\"><style type=\"text\/css\"><\/style><div class=\"fusion-title title fusion-title-1 fusion-title-center fusion-title-text fusion-title-size-two\" style=\"margin-top:0px;margin-right:0px;margin-bottom:31px;margin-left:0px;\"><div class=\"title-sep-container title-sep-container-left\"><div class=\"title-sep sep-single sep-solid\" style=\"border-color:#e0dede;\"><\/div><\/div><h2 class=\"title-heading-center\" style=\"margin:0;\">\u00dcBER UNS<\/h2><div class=\"title-sep-container title-sep-container-right\"><div class=\"title-sep sep-single sep-solid\" style=\"border-color:#e0dede;\"><\/div><\/div><\/div><span class=\" fusion-imageframe imageframe-none imageframe-1 hover-type-none\"><img decoding=\"async\" width=\"1100\" height=\"250\" title=\"Slider 9\" src=\"http:\/\/stiftung-literatur.de\/wp-content\/uploads\/2017\/09\/Slider-9.jpg\" class=\"img-responsive wp-image-141\" srcset=\"http:\/\/stiftung-literatur.de\/wp-content\/uploads\/2017\/09\/Slider-9-200x45.jpg 200w, http:\/\/stiftung-literatur.de\/wp-content\/uploads\/2017\/09\/Slider-9-400x91.jpg 400w, http:\/\/stiftung-literatur.de\/wp-content\/uploads\/2017\/09\/Slider-9-600x136.jpg 600w, http:\/\/stiftung-literatur.de\/wp-content\/uploads\/2017\/09\/Slider-9-800x182.jpg 800w, http:\/\/stiftung-literatur.de\/wp-content\/uploads\/2017\/09\/Slider-9.jpg 1100w\" sizes=\"(max-width: 800px) 100vw, 1100px\" \/><\/span><div class=\"fusion-clearfix\"><\/div><\/div><\/div><div class=\"fusion-layout-column fusion_builder_column fusion-builder-column-1 fusion_builder_column_1_1 1_1 fusion-one-full fusion-column-first fusion-column-last\" style=\"margin-top:0px;margin-bottom:20px;\"><div class=\"fusion-column-wrapper fusion-flex-column-wrapper-legacy\" style=\"background-position:left top;background-repeat:no-repeat;-webkit-background-size:cover;-moz-background-size:cover;-o-background-size:cover;background-size:cover;padding: 0px 0px 0px 0px;\"><div class=\"fusion-text fusion-text-1\"><p style=\"text-align: justify;\">Wir sind eine gemeinn\u00fctzige Stiftung privaten Rechts und tragen den Namen Stiftung Literatur. Unser Stifter Dieter Lattmann dient uns als Vorbild: Sein jahrzehntelanges Engagement f\u00fcr Kultur- und Literaturschaffende ist uns Verpflichtung und Motivation zugleich. Seine Berufung und Arbeit als Schriftsteller und Politiker bestimmen unsere thematische Ausrichtung.<\/p>\n<p>Am 17. April 2018 ist unser Stifter und Vorstandsmitglied Dieter Lattmann Verstorben. Die Stiftung Literatur in seinem Sinne zum Erfolg zu f\u00fchren und seinem Anspruch dabei gerecht zu werden, ist uns Ansporn und Verpflichtung zugleich. Die Frage: &#8222;Was w\u00fcrde Dieter Lattmann tun?&#8220;, soll uns auf diesem Weg ein stetiger Begleiter unserer Stiftungsarbeit sein.<\/p>\n<p style=\"text-align: justify;\">Wir sind Ansprechpartner und F\u00f6rderer politischer Literatur und ihrer Autorinnen und Autoren. Ebenso gilt unser Einsatz der Unterst\u00fctzung bed\u00fcrftiger Schriftstellerinnen und Schriftsteller.<\/p>\n<p style=\"text-align: justify;\">Wir sind politisch unabh\u00e4ngig und \u00fcberparteilich. Durch unsere F\u00f6rderung werden keine Gesinnungsnoten verteilt, sondern vielmehr geht es uns um einen lebendigen politischen Diskurs. Diesen durch gute politische Literatur zu beleben, ist ein erw\u00fcnschter Effekt unserer Arbeit. Beabsichtigt ist aber besonders auch die F\u00f6rderung sprachlich und stilistisch guter B\u00fccher, die sich von der Dutzendware der unz\u00e4hligen fortlaufend geschriebenen und ver\u00f6ffentlichten B\u00fccher abheben.<\/p>\n<p style=\"text-align: justify;\">Die Unterst\u00fctzung in Not geratener Schriftstellerinnen und Schriftsteller ist Ausdruck unseres Verst\u00e4ndnisses f\u00fcr die Gefahren einer freien Schriftstellerexistenz und generell f\u00fcr die Widrigkeiten des Lebens, mit denen jeder Mensch konfrontiert sein kann.<\/p>\n<p style=\"text-align: justify;\">Unsere genauen F\u00f6rderrichtlinien finden Sie <u>hier<\/u><\/p>\n<\/div><div class=\"fusion-clearfix\"><\/div><\/div><\/div><\/div><\/div><div class=\"fusion-fullwidth fullwidth-box fusion-builder-row-2 nonhundred-percent-fullwidth non-hundred-percent-height-scrolling\" style=\"background-color: rgba(255,255,255,0);background-position: center center;background-repeat: no-repeat;padding-top:20px;padding-right:0px;padding-bottom:20px;padding-left:0px;border-width: 1px 0px 1px 0px;border-color:#eae9e9;border-style:solid;\" ><div class=\"fusion-builder-row fusion-row\"><div class=\"fusion-layout-column fusion_builder_column fusion-builder-column-2 fusion_builder_column_1_4 1_4 fusion-one-fourth fusion-column-first\" style=\"width:25%;width:calc(25% - ( ( 4% ) * 0.25 ) );margin-right: 4%;margin-top:0px;margin-bottom:20px;\"><div class=\"fusion-column-wrapper fusion-flex-column-wrapper-legacy\" style=\"background-position:left top;background-repeat:no-repeat;-webkit-background-size:cover;-moz-background-size:cover;-o-background-size:cover;background-size:cover;padding: 0px 0px 0px 0px;\"><span class=\" fusion-imageframe imageframe-none imageframe-2 hover-type-none\"><img decoding=\"async\" width=\"1094\" height=\"1439\" title=\"Dieter_Lattmann_press\" src=\"http:\/\/stiftung-literatur.de\/wp-content\/uploads\/2017\/09\/Dieter_Lattmann_press-e1504798125784.jpg\" class=\"img-responsive wp-image-37\" srcset=\"http:\/\/stiftung-literatur.de\/wp-content\/uploads\/2017\/09\/Dieter_Lattmann_press-e1504798125784-200x263.jpg 200w, http:\/\/stiftung-literatur.de\/wp-content\/uploads\/2017\/09\/Dieter_Lattmann_press-e1504798125784-400x526.jpg 400w, http:\/\/stiftung-literatur.de\/wp-content\/uploads\/2017\/09\/Dieter_Lattmann_press-e1504798125784-600x789.jpg 600w, http:\/\/stiftung-literatur.de\/wp-content\/uploads\/2017\/09\/Dieter_Lattmann_press-e1504798125784-800x1052.jpg 800w, http:\/\/stiftung-literatur.de\/wp-content\/uploads\/2017\/09\/Dieter_Lattmann_press-e1504798125784.jpg 1094w\" sizes=\"(max-width: 800px) 100vw, 1094px\" \/><\/span><div class=\"fusion-clearfix\"><\/div><\/div><\/div><div class=\"fusion-layout-column fusion_builder_column fusion-builder-column-3 fusion_builder_column_3_4 3_4 fusion-three-fourth fusion-column-last\" style=\"width:75%;width:calc(75% - ( ( 4% ) * 0.75 ) );margin-top:0px;margin-bottom:20px;\"><div class=\"fusion-column-wrapper fusion-flex-column-wrapper-legacy\" style=\"background-position:left top;background-repeat:no-repeat;-webkit-background-size:cover;-moz-background-size:cover;-o-background-size:cover;background-size:cover;padding: 0px 0px 0px 0px;\"><div class=\"fusion-text fusion-text-2\"><h2 style=\"text-align: justify;\"><strong>Der Stifter (* 15. Februar 1926 &#8211;\u00a0<\/strong><strong>\u2020 <\/strong><strong>17. April 2018)<br \/>\n<\/strong><\/h2>\n<p style=\"text-align: justify;\">Dieter Lattmann wurde am 15. Februar 1926 in Potsdam geboren. Soziales Engagement hatte f\u00fcr ihn schon fr\u00fch einen hohen Stellenwert, weswegen er bereits als Jugendlicher in Waisenh\u00e4usern half.<\/p>\n<p style=\"text-align: justify;\">Mit einer kurzen Zeit als Flakhelfer, im Reichsarbeitsdienst und schlie\u00dflich mit der Einberufung zur Kriegsmarine, endete 1943 seine Zeit am humanistischen Gymnasium. Zeit seines Lebens ein kritischer Geist und nie stromlinienf\u00f6rmig, wurde Dieter Lattmann noch kurz vor Kriegsende wegen sog. Wehrkraftzersetzung degradiert. Ein wohlwollender Vorgesetzter ersparte ihm den Einsatz in einer der Bew\u00e4hrungseinheiten, die an besonders gef\u00e4hrlichen Frontabschnitten eingesetzt wurden und \u00fcberdurchschnittlich vielen Soldaten den Tod brachten.<\/p>\n<p style=\"text-align: justify;\">Nach dem Krieg begann Dieter Lattmann zu schreiben und absolvierte eine Lehre beim B\u00e4renreiter Verlag in Kassel. Nach verschiedenen Verlagsstationen wurde er 1952 Herstellungsleiter im Paul List Verlag in M\u00fcnchen. Bevor sich Dieter Lattmann entschied ab 1960 als freier Schriftsteller t\u00e4tig zu sein, war er von 1954 bis 1960 Leiter der Presseabteilung im Piper Verlag.<\/p>\n<p style=\"text-align: justify;\">1957 konnte sein erstes Buch <em>Die gelenkige Generation <\/em>erscheinen, dem bis heute 15 weitere B\u00fccher, Beitr\u00e4ge in rund 120 Anthologien, verschiedene H\u00f6rspiele, Funkerz\u00e4hlungen und Fernsehfilme folgen sollten.<\/p>\n<p>1969 war er Mitgr\u00fcnder und bis 1974 der erste Vorsitzende des Verbandes Deutscher Schriftsteller. Seit 2006 ist Dieter Lattmann Ehrenvorsitzender des Verbandes, der inzwischen als Verband deutscher Schriftstellerinnen und Schriftsteller (VS) e.V. firmiert.<\/p>\n<p style=\"text-align: justify;\">Als Mitglied des Deutschen Bundestags von 1972 bis 1980, wurde er zum &#8222;Vater der K\u00fcnstlersozialversicherung&#8220;, nachdem er erfolgreich f\u00fcr diese neue Absicherung freiberuflicher K\u00fcnstler gek\u00e4mpft hatte. Seit 1980 engagierte sich Dieter Lattmann aktiv in der Friedensbewegung.<\/p>\n<p style=\"text-align: justify;\">In den Jahren 1977 bis 1985 geh\u00f6rte er dem Pr\u00e4sidium des Goethe-Institutes an.<\/p>\n<p style=\"text-align: justify;\">Dieter Lattmanns schriftstellerisches Werk umfasst Romane, Tageb\u00fccher, Essays, Erz\u00e4hlungen, eine Autobiografie etc.<\/p>\n<p style=\"text-align: justify;\">Exemplarisch seien an dieser Stelle folgende B\u00fccher erw\u00e4hnt: <em>Die Einsamkeit des Politikers <\/em>(1977), die Romane <em>Die Br\u00fcder<\/em> (1985), <em>Jonas vor Potsdam<\/em> (1995) und <em>Fernwanderweg <\/em>(2003) sowie die Autobiografie <em>Einigkeit der Einzelg\u00e4nger<\/em> (2006). Zuletzt erschien von ihm <em>Es will Abend werden<\/em> (2016), die biografischen Aufzeichnungen \u00fcber das Leben in einer Seniorenresidenz.<\/p>\n<\/div><div class=\"fusion-clearfix\"><\/div><\/div><\/div><\/div><\/div><div class=\"fusion-fullwidth fullwidth-box fusion-builder-row-3 nonhundred-percent-fullwidth non-hundred-percent-height-scrolling\" style=\"background-color: rgba(255,255,255,0);background-position: center center;background-repeat: no-repeat;padding-top:20px;padding-right:0px;padding-bottom:20px;padding-left:0px;border-width: 1px 0px 1px 0px;border-color:#eae9e9;border-style:solid;\" ><div class=\"fusion-builder-row fusion-row\"><div class=\"fusion-layout-column fusion_builder_column fusion-builder-column-4 fusion_builder_column_1_1 1_1 fusion-one-full fusion-column-first fusion-column-last\" style=\"margin-top:0px;margin-bottom:20px;\"><div class=\"fusion-column-wrapper fusion-flex-column-wrapper-legacy\" style=\"background-position:left top;background-repeat:no-repeat;-webkit-background-size:cover;-moz-background-size:cover;-o-background-size:cover;background-size:cover;padding: 0px 0px 0px 0px;\"><div class=\"fusion-text fusion-text-3\"><p style=\"text-align: left;\"><strong>Stiftungsvorstand<br \/>\n<\/strong><\/p>\n<p style=\"text-align: left;\">Der Stiftungsvorstand ist mit der operativen F\u00fchrung der Stiftung betraut. Er vertritt die Stiftung in allen Belangen nach innen, wie nach au\u00dfen.<\/p>\n<\/div><div class=\"fusion-clearfix\"><\/div><\/div><\/div><div class=\"fusion-layout-column fusion_builder_column fusion-builder-column-5 fusion_builder_column_1_6 1_6 fusion-one-sixth fusion-column-first\" style=\"width:16.666666666667%;width:calc(16.666666666667% - ( ( 0% + 5% + 0% ) * 0.16666666666667 ) );margin-right: 0%;margin-top:0px;margin-bottom:20px;\"><div class=\"fusion-column-wrapper fusion-flex-column-wrapper-legacy\" style=\"background-position:left top;background-repeat:no-repeat;-webkit-background-size:cover;-moz-background-size:cover;-o-background-size:cover;background-size:cover;padding: 0px 0px 0px 0px;\"><div class=\"imageframe-align-center\"><span class=\" fusion-imageframe imageframe-none imageframe-3 hover-type-none\"><img decoding=\"async\" width=\"100\" height=\"131\" title=\"Gerrit Bahner\" src=\"http:\/\/stiftung-literatur.de\/wp-content\/uploads\/2018\/07\/Gerrit-Bahner.jpg\" class=\"img-responsive wp-image-244\"\/><\/span><\/div><div class=\"fusion-clearfix\"><\/div><\/div><\/div><div class=\"fusion-layout-column fusion_builder_column fusion-builder-column-6 fusion_builder_column_1_6 1_6 fusion-one-sixth\" style=\"width:16.666666666667%;width:calc(16.666666666667% - ( ( 0% + 5% + 0% ) * 0.16666666666667 ) );margin-right: 5%;margin-top:0px;margin-bottom:20px;\"><div class=\"fusion-column-wrapper fusion-flex-column-wrapper-legacy\" style=\"background-position:left top;background-repeat:no-repeat;-webkit-background-size:cover;-moz-background-size:cover;-o-background-size:cover;background-size:cover;padding: 0px 0px 0px 0px;\"><div class=\"fusion-text fusion-text-4\"><p style=\"text-align: left;\"><strong>Bj\u00f6rn Gerrit Bahner<br \/>\n<\/strong>Politikwissenschaftler und Stiftungsmanager (EBS), als Vorsitzender des Stiftungsvorstands<\/p>\n<\/div><div class=\"fusion-clearfix\"><\/div><\/div><\/div><div class=\"fusion-layout-column fusion_builder_column fusion-builder-column-7 fusion_builder_column_1_6 1_6 fusion-one-sixth\" style=\"width:16.666666666667%;width:calc(16.666666666667% - ( ( 0% + 5% + 0% ) * 0.16666666666667 ) );margin-right: 0%;margin-top:0px;margin-bottom:20px;\"><div class=\"fusion-column-wrapper fusion-flex-column-wrapper-legacy\" style=\"background-position:left top;background-repeat:no-repeat;-webkit-background-size:cover;-moz-background-size:cover;-o-background-size:cover;background-size:cover;padding: 0px 0px 0px 0px;\"><div class=\"imageframe-align-center\"><span class=\" fusion-imageframe imageframe-none imageframe-4 hover-type-none\"><img decoding=\"async\" width=\"100\" height=\"131\" title=\"Arwed Vogel\" src=\"http:\/\/stiftung-literatur.de\/wp-content\/uploads\/2018\/07\/Arwed-Vogel.jpg\" class=\"img-responsive wp-image-246\"\/><\/span><\/div><div class=\"fusion-clearfix\"><\/div><\/div><\/div><div class=\"fusion-layout-column fusion_builder_column fusion-builder-column-8 fusion_builder_column_1_6 1_6 fusion-one-sixth fusion-column-last\" style=\"width:16.666666666667%;width:calc(16.666666666667% - ( ( 0% + 5% + 0% ) * 0.16666666666667 ) );margin-top:0px;margin-bottom:20px;\"><div class=\"fusion-column-wrapper fusion-flex-column-wrapper-legacy\" style=\"background-position:left top;background-repeat:no-repeat;-webkit-background-size:cover;-moz-background-size:cover;-o-background-size:cover;background-size:cover;padding: 0px 0px 0px 0px;\"><div class=\"fusion-text fusion-text-5\"><p style=\"text-align: left;\"><strong>Arwed Vogel<\/strong><br \/>\nSchriftsteller und Vorsitzender des VS Bayern in ver.di<\/p>\n<\/div><div class=\"fusion-clearfix\"><\/div><\/div><\/div><\/div><\/div><div class=\"fusion-fullwidth fullwidth-box fusion-builder-row-4 nonhundred-percent-fullwidth non-hundred-percent-height-scrolling\" style=\"background-color: rgba(255,255,255,0);background-position: center center;background-repeat: no-repeat;padding-top:0px;padding-right:0px;padding-bottom:0px;padding-left:0px;margin-bottom: 0px;margin-top: 0px;border-width: 0px 0px 0px 0px;border-color:#eae9e9;border-style:solid;\" ><div class=\"fusion-builder-row fusion-row\"><\/div><\/div><div class=\"fusion-fullwidth fullwidth-box fusion-builder-row-5 nonhundred-percent-fullwidth non-hundred-percent-height-scrolling\" style=\"background-color: rgba(255,255,255,0);background-position: center center;background-repeat: no-repeat;padding-top:20px;padding-right:0px;padding-bottom:20px;padding-left:0px;margin-bottom: 0px;margin-top: 0px;border-width: 1px 0px 1px 0px;border-color:#eae9e9;border-style:solid;\" ><div class=\"fusion-builder-row fusion-row\"><div class=\"fusion-layout-column fusion_builder_column fusion-builder-column-9 fusion_builder_column_1_1 1_1 fusion-one-full fusion-column-first fusion-column-last\" style=\"margin-top:0px;margin-bottom:20px;\"><div class=\"fusion-column-wrapper fusion-flex-column-wrapper-legacy\" style=\"background-position:left top;background-repeat:no-repeat;-webkit-background-size:cover;-moz-background-size:cover;-o-background-size:cover;background-size:cover;padding: 0px 0px 0px 0px;\"><div class=\"fusion-text fusion-text-6\"><p>Stiftungsrat<\/p>\n<p>Der Stiftungsrat ist das Aufsichtsgremium der Stiftung Literatur. Ihm geh\u00f6ren folgende Personen an:<\/p>\n<p><b>Kirsten Fox, Steuerberaterin<br \/><\/b>Vorsitzende <b><b><br \/><\/b><\/b><\/p>\n<p><b>Mira Maase, Soziologin<br \/><\/b>Stellvertretende Vorsitzende<\/p>\n<p><b>Dr. Eva Scherwitz, Politologin<br \/><\/b><\/p>\n<\/div><div class=\"fusion-clearfix\"><\/div><\/div><\/div><\/div><\/div><div class=\"fusion-fullwidth fullwidth-box fusion-builder-row-6 nonhundred-percent-fullwidth non-hundred-percent-height-scrolling\" style=\"background-color: rgba(255,255,255,0);background-position: center center;background-repeat: no-repeat;padding-top:0px;padding-right:0px;padding-bottom:0px;padding-left:0px;margin-bottom: 0px;margin-top: 0px;border-width: 0px 0px 0px 0px;border-color:#eae9e9;border-style:solid;\" ><div class=\"fusion-builder-row fusion-row\"><div class=\"fusion-layout-column fusion_builder_column fusion-builder-column-10 fusion_builder_column_1_1 1_1 fusion-one-full fusion-column-first fusion-column-last\" style=\"margin-top:0px;margin-bottom:0px;\"><div class=\"fusion-column-wrapper fusion-flex-column-wrapper-legacy\" style=\"background-position:left top;background-repeat:no-repeat;-webkit-background-size:cover;-moz-background-size:cover;-o-background-size:cover;background-size:cover;padding: 0px 0px 0px 0px;\"><div class=\"fusion-text fusion-text-7\"><h2>06. Oktober 2017, Gr\u00fcndungsfeier der Stiftung Literatur<\/h2>\n<p style=\"text-align: justify;\">Am 6. Oktober 2017 fand im M\u00fcnchner K\u00fcnstlerhaus die Gr\u00fcndungsfeier der Stiftung Literatur statt. Im Kreise von Freunden, Weggef\u00e4hrten und Bekannten aus der Literaturszene wurde der Stifter Dieter Lattmann und seine Stiftungsgr\u00fcndung gew\u00fcrdigt. Ein H\u00f6hepunkt der Veranstaltung war das Interview des Stifters durch Dr. Thomas Kraft zum Thema &#8222;Literatur und Politik als Lebensthemen und inhaltliche S\u00e4ulen der Stiftung Literatur.&#8220;<\/p>\n<\/div><style type=\"text\/css\">.fusion-gallery-1 .fusion-gallery-image {border:0px solid #e2e2e2;}<\/style><div class=\"fusion-gallery fusion-gallery-container fusion-grid-2 fusion-columns-total-4 fusion-gallery-layout-masonry fusion-gallery-1\" style=\"margin:-5px;\"><div class=\"fusion-grid-column fusion-gallery-column fusion-gallery-column-2 hover-type-zoomin fusion-grid-sizer\"><\/div><div style=\"padding:5px;\" class=\"fusion-grid-column fusion-gallery-column fusion-gallery-column-2 hover-type-zoomin fusion-element-grid\"><div class=\"fusion-gallery-image\"><a href=\"http:\/\/stiftung-literatur.de\/wp-content\/uploads\/2018\/04\/AAC1686.jpg\" rel=\"noreferrer\" data-rel=\"iLightbox[gallery_image_1]\" class=\"fusion-lightbox\" target=\"_self\"><div style=\"background-image:url(http:\/\/stiftung-literatur.de\/wp-content\/uploads\/2018\/04\/AAC1686.jpg);padding-top:calc((100% + 10px) * 0.8 - 5px);\" class=\"fusion-masonry-element-container\"><img decoding=\"async\" src=\"http:\/\/stiftung-literatur.de\/wp-content\/uploads\/2018\/04\/AAC1686.jpg\" width=\"1890\" height=\"1319\" alt=\"\" title=\"_AAC1686\" aria-label=\"_AAC1686\" class=\"img-responsive wp-image-189 fusion-gallery-image-size-fixed\" srcset=\"http:\/\/stiftung-literatur.de\/wp-content\/uploads\/2018\/04\/AAC1686-200x140.jpg 200w, http:\/\/stiftung-literatur.de\/wp-content\/uploads\/2018\/04\/AAC1686-400x279.jpg 400w, http:\/\/stiftung-literatur.de\/wp-content\/uploads\/2018\/04\/AAC1686-600x419.jpg 600w, http:\/\/stiftung-literatur.de\/wp-content\/uploads\/2018\/04\/AAC1686-800x558.jpg 800w, http:\/\/stiftung-literatur.de\/wp-content\/uploads\/2018\/04\/AAC1686-1200x837.jpg 1200w, http:\/\/stiftung-literatur.de\/wp-content\/uploads\/2018\/04\/AAC1686.jpg 1890w\" sizes=\"(min-width: 2200px) 100vw, (min-width: 712px) 548px, (min-width: 640px) 712px, \" \/><\/div><\/a><\/div><\/div><div style=\"padding:5px;\" class=\"fusion-grid-column fusion-gallery-column fusion-gallery-column-2 hover-type-zoomin fusion-element-grid\"><div class=\"fusion-gallery-image\"><a href=\"http:\/\/stiftung-literatur.de\/wp-content\/uploads\/2018\/04\/AAC1714.jpg\" rel=\"noreferrer\" data-rel=\"iLightbox[gallery_image_1]\" class=\"fusion-lightbox\" target=\"_self\"><div style=\"background-image:url(http:\/\/stiftung-literatur.de\/wp-content\/uploads\/2018\/04\/AAC1714.jpg);padding-top:calc((100% + 10px) * 0.8 - 5px);\" class=\"fusion-masonry-element-container\"><img decoding=\"async\" src=\"http:\/\/stiftung-literatur.de\/wp-content\/uploads\/2018\/04\/AAC1714.jpg\" width=\"1890\" height=\"1256\" alt=\"\" title=\"_AAC1714\" aria-label=\"_AAC1714\" class=\"img-responsive wp-image-196 fusion-gallery-image-size-fixed\" srcset=\"http:\/\/stiftung-literatur.de\/wp-content\/uploads\/2018\/04\/AAC1714-200x133.jpg 200w, http:\/\/stiftung-literatur.de\/wp-content\/uploads\/2018\/04\/AAC1714-400x266.jpg 400w, http:\/\/stiftung-literatur.de\/wp-content\/uploads\/2018\/04\/AAC1714-600x399.jpg 600w, http:\/\/stiftung-literatur.de\/wp-content\/uploads\/2018\/04\/AAC1714-800x532.jpg 800w, http:\/\/stiftung-literatur.de\/wp-content\/uploads\/2018\/04\/AAC1714-1200x797.jpg 1200w, http:\/\/stiftung-literatur.de\/wp-content\/uploads\/2018\/04\/AAC1714.jpg 1890w\" sizes=\"(min-width: 2200px) 100vw, (min-width: 712px) 548px, (min-width: 640px) 712px, \" \/><\/div><\/a><\/div><\/div><div style=\"padding:5px;\" class=\"fusion-grid-column fusion-gallery-column fusion-gallery-column-2 hover-type-zoomin fusion-element-grid\"><div class=\"fusion-gallery-image\"><a href=\"http:\/\/stiftung-literatur.de\/wp-content\/uploads\/2018\/04\/CSC3499.jpg\" rel=\"noreferrer\" data-rel=\"iLightbox[gallery_image_1]\" class=\"fusion-lightbox\" target=\"_self\"><div style=\"background-image:url(http:\/\/stiftung-literatur.de\/wp-content\/uploads\/2018\/04\/CSC3499.jpg);padding-top:calc((100% + 10px) * 0.8 - 5px);\" class=\"fusion-masonry-element-container\"><img decoding=\"async\" src=\"http:\/\/stiftung-literatur.de\/wp-content\/uploads\/2018\/04\/CSC3499.jpg\" width=\"1890\" height=\"1262\" alt=\"\" title=\"_CSC3499\" aria-label=\"_CSC3499\" class=\"img-responsive wp-image-201 fusion-gallery-image-size-fixed\" srcset=\"http:\/\/stiftung-literatur.de\/wp-content\/uploads\/2018\/04\/CSC3499-200x134.jpg 200w, http:\/\/stiftung-literatur.de\/wp-content\/uploads\/2018\/04\/CSC3499-400x267.jpg 400w, http:\/\/stiftung-literatur.de\/wp-content\/uploads\/2018\/04\/CSC3499-600x401.jpg 600w, http:\/\/stiftung-literatur.de\/wp-content\/uploads\/2018\/04\/CSC3499-800x534.jpg 800w, http:\/\/stiftung-literatur.de\/wp-content\/uploads\/2018\/04\/CSC3499-1200x801.jpg 1200w, http:\/\/stiftung-literatur.de\/wp-content\/uploads\/2018\/04\/CSC3499.jpg 1890w\" sizes=\"(min-width: 2200px) 100vw, (min-width: 712px) 548px, (min-width: 640px) 712px, \" \/><\/div><\/a><\/div><\/div><div style=\"padding:5px;\" class=\"fusion-grid-column fusion-gallery-column fusion-gallery-column-2 hover-type-zoomin fusion-element-grid\"><div class=\"fusion-gallery-image\"><a href=\"http:\/\/stiftung-literatur.de\/wp-content\/uploads\/2018\/04\/CSC3473.jpg\" rel=\"noreferrer\" data-rel=\"iLightbox[gallery_image_1]\" class=\"fusion-lightbox\" target=\"_self\"><div style=\"background-image:url(http:\/\/stiftung-literatur.de\/wp-content\/uploads\/2018\/04\/CSC3473.jpg);padding-top:calc((100% + 10px) * 0.8 - 5px);\" class=\"fusion-masonry-element-container\"><img decoding=\"async\" src=\"http:\/\/stiftung-literatur.de\/wp-content\/uploads\/2018\/04\/CSC3473.jpg\" width=\"1890\" height=\"1259\" alt=\"\" title=\"_CSC3473\" aria-label=\"_CSC3473\" class=\"img-responsive wp-image-199 fusion-gallery-image-size-fixed\" srcset=\"http:\/\/stiftung-literatur.de\/wp-content\/uploads\/2018\/04\/CSC3473-200x133.jpg 200w, http:\/\/stiftung-literatur.de\/wp-content\/uploads\/2018\/04\/CSC3473-400x266.jpg 400w, http:\/\/stiftung-literatur.de\/wp-content\/uploads\/2018\/04\/CSC3473-600x400.jpg 600w, http:\/\/stiftung-literatur.de\/wp-content\/uploads\/2018\/04\/CSC3473-800x533.jpg 800w, http:\/\/stiftung-literatur.de\/wp-content\/uploads\/2018\/04\/CSC3473-1200x799.jpg 1200w, http:\/\/stiftung-literatur.de\/wp-content\/uploads\/2018\/04\/CSC3473.jpg 1890w\" sizes=\"(min-width: 2200px) 100vw, (min-width: 712px) 548px, (min-width: 640px) 712px, \" \/><\/div><\/a><\/div><\/div><\/div><div class=\"fusion-clearfix\"><\/div><\/div><\/div><\/div><\/div><\/p>\n","protected":false},"excerpt":{"rendered":"","protected":false},"author":1,"featured_media":0,"parent":0,"menu_order":0,"comment_status":"closed","ping_status":"closed","template":"","meta":{"footnotes":""},"class_list":["post-6","page","type-page","status-publish","hentry"],"_links":{"self":[{"href":"http:\/\/stiftung-literatur.de\/index.php?rest_route=\/wp\/v2\/pages\/6","targetHints":{"allow":["GET"]}}],"collection":[{"href":"http:\/\/stiftung-literatur.de\/index.php?rest_route=\/wp\/v2\/pages"}],"about":[{"href":"http:\/\/stiftung-literatur.de\/index.php?rest_route=\/wp\/v2\/types\/page"}],"author":[{"embeddable":true,"href":"http:\/\/stiftung-literatur.de\/index.php?rest_route=\/wp\/v2\/users\/1"}],"replies":[{"embeddable":true,"href":"http:\/\/stiftung-literatur.de\/index.php?rest_route=%2Fwp%2Fv2%2Fcomments&post=6"}],"version-history":[{"count":46,"href":"http:\/\/stiftung-literatur.de\/index.php?rest_route=\/wp\/v2\/pages\/6\/revisions"}],"predecessor-version":[{"id":308,"href":"http:\/\/stiftung-literatur.de\/index.php?rest_route=\/wp\/v2\/pages\/6\/revisions\/308"}],"wp:attachment":[{"href":"http:\/\/stiftung-literatur.de\/index.php?rest_route=%2Fwp%2Fv2%2Fmedia&parent=6"}],"curies":[{"name":"wp","href":"https:\/\/api.w.org\/{rel}","templated":true}]}}